{"version":"1.0","provider_name":"Biscottes Litt\u00e9raires","provider_url":"https:\/\/biscotteslitteraires.com\/2021","author_name":"biscotteslitteraires","author_url":"https:\/\/biscotteslitteraires.com\/2021\/author\/admin\/","title":"- Biscottes Litt\u00e9raires","type":"rich","width":600,"height":338,"html":"<blockquote class=\"wp-embedded-content\"><a href=\"https:\/\/biscotteslitteraires.com\/2021\/livre-de-plaidoyer-des-enfants\/\"><\/a><\/blockquote>\n<script type='text\/javascript'>\n<!--\/\/--><![CDATA[\/\/><!--\n\t\t\/*! This file is auto-generated *\/\n\t\t!function(d,l){\"use strict\";var e=!1,n=!1;if(l.querySelector)if(d.addEventListener)e=!0;if(d.wp=d.wp||{},!d.wp.receiveEmbedMessage)if(d.wp.receiveEmbedMessage=function(e){var t=e.data;if(t)if(t.secret||t.message||t.value)if(!\/[^a-zA-Z0-9]\/.test(t.secret)){for(var r,i,a,s=l.querySelectorAll('iframe[data-secret=\"'+t.secret+'\"]'),n=l.querySelectorAll('blockquote[data-secret=\"'+t.secret+'\"]'),o=new RegExp(\"^https?:$\",\"i\"),c=0;c<n.length;c++)n[c].style.display=\"none\";for(c=0;c<s.length;c++)if(r=s[c],e.source===r.contentWindow){if(r.removeAttribute(\"style\"),\"height\"===t.message){if(1e3<(a=parseInt(t.value,10)))a=1e3;else if(~~a<200)a=200;r.height=a}if(\"link\"===t.message)if(i=l.createElement(\"a\"),a=l.createElement(\"a\"),i.href=r.getAttribute(\"src\"),a.href=t.value,o.test(a.protocol))if(a.host===i.host)if(l.activeElement===r)d.top.location.href=t.value}}},e)d.addEventListener(\"message\",d.wp.receiveEmbedMessage,!1),l.addEventListener(\"DOMContentLoaded\",t,!1),d.addEventListener(\"load\",t,!1);function t(){if(!n){n=!0;for(var e,t,r=-1!==navigator.appVersion.indexOf(\"MSIE 10\"),i=!!navigator.userAgent.match(\/Trident.*rv:11\\.\/),a=l.querySelectorAll(\"iframe.wp-embedded-content\"),s=0;s<a.length;s++){if(!(e=a[s]).getAttribute(\"data-secret\"))t=Math.random().toString(36).substr(2,10),e.src+=\"#?secret=\"+t,e.setAttribute(\"data-secret\",t);if(r||i)(t=e.cloneNode(!0)).removeAttribute(\"security\"),e.parentNode.replaceChild(t,e)}}}}(window,document);\n\/\/--><!]]>\n<\/script><iframe sandbox=\"allow-scripts\" security=\"restricted\" src=\"https:\/\/biscotteslitteraires.com\/2021\/livre-de-plaidoyer-des-enfants\/embed\/\" width=\"600\" height=\"338\" title=\"\u00ab\u00a0\u00a0\u00bb &#8212; Biscottes Litt\u00e9raires\" frameborder=\"0\" marginwidth=\"0\" marginheight=\"0\" scrolling=\"no\" class=\"wp-embedded-content\"><\/iframe>","thumbnail_url":"https:\/\/biscotteslitteraires.com\/2021\/wp-content\/uploads\/2020\/07\/IMG-20200717-WA0175.jpg","thumbnail_width":1596,"thumbnail_height":2204,"description":"NOTRE VOIX COMPTE ! Le troisi\u00e8me Livre de Plaidoyer des Enfants est publi\u00e9 Ils sont plus d&rsquo;une centaine d&rsquo;enfants \u00e0 saisir leur \u00e9critoire pour exprimer noir sur blanc leurs plus profonds ressentis au regard des d\u00e9viances observ\u00e9es dans le respect des droits des enfants au B\u00e9nin. Ressortissants de presque toutes les communes du B\u00e9nin, ces [&hellip;]"}